{"id":15251,"date":"2024-12-10T08:04:18","date_gmt":"2024-12-10T07:04:18","guid":{"rendered":"https:\/\/dhf.be\/?page_id=15251"},"modified":"2024-12-17T12:19:42","modified_gmt":"2024-12-17T11:19:42","slug":"hotel-silvester-noel-feiern-sie-die-festtage-im-domaine-des-hautes-fagnes","status":"publish","type":"page","link":"https:\/\/dhf.be\/de\/hotel-reveillon-de-noel-celebrez-les-fetes-au-domaine-des-hautes-fagnes\/","title":{"rendered":"Weihnachts-Galadinner im Hotel: Feiern Sie die Feiertage im Domaine des Hautes Fagnes"},"content":{"rendered":"<div class=\"wpb-content-wrapper\"><div class=\"vc_row wpb_row vc_row-fluid\"><div class=\"wpb_column vc_column_container vc_col-sm-12\"><div class=\"vc_column-inner\"><div class=\"wpb_wrapper\"><div class=\"vc_empty_space\"   style=\"height: 32px\"><span class=\"vc_empty_space_inner\"><\/span><\/div>\t<div class=\"pdw-anchors\">\r\n\t\t\t<a class=\"pdw-anchor\" href=\"#galerie\">\r\n\t\tGalerie\t<\/a>\r\n\t\t<a class=\"pdw-anchor\" href=\"#journees\">\r\n\t\tTage\t<\/a>\r\n\t\t<a class=\"pdw-anchor\" href=\"#sejours\">\r\n\t\tAufenthalte\t<\/a>\r\n\t\t<a class=\"pdw-anchor\" href=\"#plan\">\r\n\t\tPlan\t<\/a>\r\n\t\t<\/div>\r\n\t<div class=\"vc_empty_space\"   style=\"height: 32px\"><span class=\"vc_empty_space_inner\"><\/span><\/div>\n\t<div class=\"wpb_text_column wpb_content_element\" >\n\t\t<div class=\"wpb_wrapper\">\n\t\t\t<p style=\"text-align: center;\">Willkommen im Domaine des Hautes Fagnes, einem 4-Sterne-Hotel im Herzen des Naturreservats Hohes Venn, ideal f\u00fcr ein einzigartiges Silvestererlebnis. G\u00f6nnen Sie sich einen magischen und authentischen Moment mit einem festlichen Aufenthalt, der eine \u00dcbernachtung im Doppelzimmer, ein raffiniertes italienisches Men\u00fc und exklusive Unterhaltung beinhaltet. Genie\u00dfen Sie diese bezaubernde nat\u00fcrliche Umgebung, um Weihnachten in einer herzlichen und eleganten Atmosph\u00e4re zu feiern.<\/p>\n\n\t\t<\/div>\n\t<\/div>\n\t<div class=\"pdw-sep\"><span class=\"pdw-icon-dhf pdw-icon-48\"><\/span><\/div>\r\n\t<div class=\"vc_empty_space\"   style=\"height: 32px\"><span class=\"vc_empty_space_inner\"><\/span><\/div><\/div><\/div><\/div><\/div><div class=\"vc_row wpb_row vc_row-fluid\"><div class=\"wpb_column vc_column_container vc_col-sm-12\"><div class=\"vc_column-inner\"><div class=\"wpb_wrapper\"><h2 style=\"text-align: center;font-family:Abril Fatface;font-weight:400;font-style:normal\" class=\"vc_custom_heading vc_do_custom_heading pdw-first-word-highlight\" >Weihnachts-Silvester-Hotel: Der Zauber der Feiertage im Herzen der Ardennen<\/h2><div class=\"vc_empty_space\"   style=\"height: 32px\"><span class=\"vc_empty_space_inner\"><\/span><\/div><div class=\"vc_separator wpb_content_element vc_separator_align_center vc_sep_width_40 vc_sep_shadow vc_sep_border_width_5 vc_sep_pos_align_center vc_separator_no_text vc_sep_color_chino wpb_content_element  wpb_content_element\" ><span class=\"vc_sep_holder vc_sep_holder_l\"><span class=\"vc_sep_line\"><\/span><\/span><span class=\"vc_sep_holder vc_sep_holder_r\"><span class=\"vc_sep_line\"><\/span><\/span>\n<\/div>\n\t<div class=\"wpb_text_column wpb_content_element\" >\n\t\t<div class=\"wpb_wrapper\">\n\t\t\t<p style=\"text-align: center;\"><span style=\"font-weight: 400;\">Suchen Sie ein Hotel f\u00fcr Ihren Silvesterabend? Nichts ist besser als die warme Atmosph\u00e4re der Hohen Venn, um einen unvergesslichen Jahreswechsel zu verbringen. Das Anwesen bietet Ihnen einen Komplettaufenthalt mit Komfort, Gastronomie und Entspannung f\u00fcr eine einzigartige Weihnachtsfeier in festlicher italienischer Atmosph\u00e4re.<\/span><\/p>\n\n\t\t<\/div>\n\t<\/div>\n<\/div><\/div><\/div><\/div><div class=\"vc_row wpb_row vc_row-fluid\"><div class=\"wpb_column vc_column_container vc_col-sm-6\"><div class=\"vc_column-inner\"><div class=\"wpb_wrapper\">\n\t<div  class=\"wpb_single_image wpb_content_element vc_align_left wpb_content_element  pdw-line-shape mt-1 mb-3\">\n\t\t\n\t\t<figure class=\"wpb_wrapper vc_figure\">\n\t\t\t<div class=\"vc_single_image-wrapper   vc_box_border_grey\"><img decoding=\"async\" class=\"vc_single_image-img\" src=\"https:\/\/dhf.be\/files\/uploads\/2024\/11\/DHFNouvelan18-scaled-800x800.jpg\" width=\"800\" height=\"800\" alt=\"hotel-r\u00e9veillon-de-no\u00ebl-animations\" title=\"DHFNouvelan18\" \/><\/div>\n\t\t<\/figure>\n\t<\/div>\n<div class=\"vc_empty_space\"   style=\"height: 32px\"><span class=\"vc_empty_space_inner\"><\/span><\/div><\/div><\/div><\/div><div class=\"wpb_column vc_column_container vc_col-sm-6\"><div class=\"vc_column-inner\"><div class=\"wpb_wrapper\"><h2 style=\"text-align: left;font-family:Abril Fatface;font-weight:400;font-style:normal\" class=\"vc_custom_heading vc_do_custom_heading pdw-first-word-highlight\" >Ein Silvesterabend mit den Aromen und Rhythmen Italiens<\/h2><div class=\"vc_empty_space\"   style=\"height: 32px\"><span class=\"vc_empty_space_inner\"><\/span><\/div><h3 style=\"text-align: left;font-family:Abril Fatface;font-weight:400;font-style:normal\" class=\"vc_custom_heading vc_do_custom_heading\" >Italienische Musikanimation<\/h3>\n\t<div class=\"wpb_text_column wpb_content_element\" >\n\t\t<div class=\"wpb_wrapper\">\n\t\t\t<p>Der Heilige Abend wird von einer italienischen Musikdarbietung umrahmt, die von einem Gitarristen und einem S\u00e4nger gestaltet wird. Diese einzigartige Atmosph\u00e4re, inspiriert von den Traditionen der italienischen Halbinsel, verleiht Ihrem Festmahl eine Note von Geselligkeit.<\/p>\n\n\t\t<\/div>\n\t<\/div>\n<h3 style=\"text-align: left;font-family:Abril Fatface;font-weight:400;font-style:normal\" class=\"vc_custom_heading vc_do_custom_heading\" >Italienisches Weihnachtsmen\u00fc 4 G\u00e4nge<\/h3>\n\t<div class=\"wpb_text_column wpb_content_element\" >\n\t\t<div class=\"wpb_wrapper\">\n\t\t\t<p><span style=\"font-weight: 400;\">Unser K\u00fcchenchef schl\u00e4gt Ihnen ein italienisch inspiriertes Weihnachtsmen\u00fc vor, das um authentische und raffinierte Aromen herum aufgebaut ist. Dieses Men\u00fc, begleitet von sorgf\u00e4ltig ausgew\u00e4hlten Weinen, zelebriert die italienische Gastronomie und veredelt Ihren Heiligen Abend. Auf der Speisekarte:<\/span><\/p>\n<ul>\n<li style=\"font-weight: 400;\" aria-level=\"1\"><b>Gemischte Vorspeisen von Gro\u00dfmutter Filomena<\/b><span style=\"font-weight: 400;\"> eine Auswahl an Vorspeisen zum Teilen, reich an Geschmack und Geschichte.<\/span><\/li>\n<li style=\"font-weight: 400;\" aria-level=\"1\"><b>Tagliolini mit 40 Eigelben, Steinpilzen und Guanciale<\/b><span style=\"font-weight: 400;\"> ein delikates Gericht, das das Beste der italienischen K\u00fcche hervorhebt.<\/span><\/li>\n<li style=\"font-weight: 400;\" aria-level=\"1\"><b>Perlhuhn gebraten mit Kastanien und schwarzem Tr\u00fcffel<\/b><span style=\"font-weight: 400;\"> Ein festliches und k\u00f6stliches Gericht, ideal, um die Magie von Weihnachten zu feiern.<\/span><\/li>\n<li style=\"font-weight: 400;\" aria-level=\"1\"><b>Mit Eis gef\u00fcllter Panettone, wie eine Cassata<\/b> : ein typisches italienisches Dessert, neu interpretiert f\u00fcr einen s\u00fc\u00dfen und authentischen letzten Schliff.<\/li>\n<\/ul>\n\n\t\t<\/div>\n\t<\/div>\n<div class=\"vc_empty_space\"   style=\"height: 32px\"><span class=\"vc_empty_space_inner\"><\/span><\/div><\/div><\/div><\/div><\/div><div class=\"vc_row wpb_row vc_row-fluid\"><div class=\"wpb_column vc_column_container vc_col-sm-6\"><div class=\"vc_column-inner\"><div class=\"wpb_wrapper\"><h2 style=\"text-align: left;font-family:Abril Fatface;font-weight:400;font-style:normal\" class=\"vc_custom_heading vc_do_custom_heading pdw-first-word-highlight\" >Ein festlicher Aufenthalt zwischen Wohlbefinden und Traditionen<\/h2><div class=\"vc_empty_space\"   style=\"height: 32px\"><span class=\"vc_empty_space_inner\"><\/span><\/div><h3 style=\"text-align: left;font-family:Abril Fatface;font-weight:400;font-style:normal\" class=\"vc_custom_heading vc_do_custom_heading\" >Eine \u00dcbernachtung im Doppelzimmer<\/h3>\n\t<div class=\"wpb_text_column wpb_content_element\" >\n\t\t<div class=\"wpb_wrapper\">\n\t\t\t<p><span style=\"font-weight: 400;\">Unsere Doppelzimmer bieten optimalen Komfort, ideal, um Ihren Aufenthalt in vollen Z\u00fcgen zu genie\u00dfen. Mit ihren neutralen Gr\u00fcn- und Braunt\u00f6nen, die an die herrlichen Landschaften der Ardennen und die umliegende Natur erinnern, sind diese Zimmer perfekt f\u00fcr eine totale Entspannung w\u00e4hrend der Feiertage.<\/span><\/p>\n\n\t\t<\/div>\n\t<\/div>\n<div class=\"vc_empty_space\"   style=\"height: 32px\"><span class=\"vc_empty_space_inner\"><\/span><\/div><h3 style=\"text-align: left;font-family:Abril Fatface;font-weight:400;font-style:normal\" class=\"vc_custom_heading vc_do_custom_heading\" >Vielf\u00e4ltiges und leckeres Fr\u00fchst\u00fccksbuffet<\/h3>\n\t<div class=\"wpb_text_column wpb_content_element\" >\n\t\t<div class=\"wpb_wrapper\">\n\t\t\t<p><span style=\"font-weight: 400;\">Beginnen Sie den Tag mit einem Fr\u00fchst\u00fccksbuffet, das eine gro\u00dfe Auswahl an frischen und lokalen Produkten bietet. Dieser kulinarische Moment erm\u00f6glicht es Ihnen, einen Weihnachtsmorgen in geselliger Atmosph\u00e4re zu genie\u00dfen.<\/span><\/p>\n\n\t\t<\/div>\n\t<\/div>\n<div class=\"vc_empty_space\"   style=\"height: 32px\"><span class=\"vc_empty_space_inner\"><\/span><\/div><h3 style=\"text-align: left;font-family:Abril Fatface;font-weight:400;font-style:normal\" class=\"vc_custom_heading vc_do_custom_heading\" >Besuch des Weihnachtsmannes und Geschenke\u00fcbergabe<\/h3>\n\t<div class=\"wpb_text_column wpb_content_element\" >\n\t\t<div class=\"wpb_wrapper\">\n\t\t\t<p><span style=\"font-weight: 400;\">Kinder (und auch Erwachsene!) haben die M\u00f6glichkeit, den Weihnachtsmann pers\u00f6nlich zu treffen. Eine Geschenkausgabe ist geplant, um unvergessliche Familienmomente zu schaffen.<\/span><\/p>\n\n\t\t<\/div>\n\t<\/div>\n<div class=\"vc_empty_space\"   style=\"height: 32px\"><span class=\"vc_empty_space_inner\"><\/span><\/div><h3 style=\"text-align: left;font-family:Abril Fatface;font-weight:400;font-style:normal\" class=\"vc_custom_heading vc_do_custom_heading\" >Zugang zum Wellnesscenter<\/h3>\n\t<div class=\"wpb_text_column wpb_content_element\" >\n\t\t<div class=\"wpb_wrapper\">\n\t\t\t<p><span style=\"font-weight: 400;\">Der Aufenthalt beinhaltet einen dreist\u00fcndigen Zugang zu unserem Wellnesscenter, wo Sie in einer 2500 m\u00b2 gro\u00dfen Anlage mit Innen- und Au\u00dfenbereichen zur Erholung entspannen k\u00f6nnen. Ein Badezimmer-Set steht Ihnen zur Verf\u00fcgung, um diesen Moment der Entspannung optimal zu genie\u00dfen.<\/span><\/p>\n\n\t\t<\/div>\n\t<\/div>\n<div class=\"vc_empty_space\"   style=\"height: 32px\"><span class=\"vc_empty_space_inner\"><\/span><\/div>\t<a href=\"https:\/\/dhf.be\/de\/wellnessaufenthalt-thalasso-belgien\/weihnachtsurlaub\/\" title=\"Weihnachtsaufenthalt\" target=\"_blank\"\n\t   class=\"pdw-btn btn btn-outline-primary w-100\" role=\"button\">\n\t\t\t\t\t\t\t<span class=\"pdw-btn-title\">Buchen Sie diesen Weihnachtsurlaub<\/span>\n\t\t\t\t\t<\/a>\n\t<\/div><\/div><\/div><div class=\"wpb_column vc_column_container vc_col-sm-6\"><div class=\"vc_column-inner\"><div class=\"wpb_wrapper\">\n\t<div  class=\"wpb_single_image wpb_content_element vc_align_left wpb_content_element  pdw-line-shape mt-1 mb-3\">\n\t\t\n\t\t<figure class=\"wpb_wrapper vc_figure\">\n\t\t\t<div class=\"vc_single_image-wrapper   vc_box_border_grey\"><img decoding=\"async\" width=\"683\" height=\"1024\" src=\"https:\/\/dhf.be\/files\/uploads\/2024\/11\/996B0297-683x1024.jpg\" class=\"vc_single_image-img attachment-large\" alt=\"hotel-r\u00e9veillon-de-no\u00ebl-p\u00e8re-no\u00ebl\" title=\"996B0297\" srcset=\"https:\/\/dhf.be\/files\/uploads\/2024\/11\/996B0297-683x1024.jpg 683w, https:\/\/dhf.be\/files\/uploads\/2024\/11\/996B0297-200x300.jpg 200w, https:\/\/dhf.be\/files\/uploads\/2024\/11\/996B0297-768x1152.jpg 768w, https:\/\/dhf.be\/files\/uploads\/2024\/11\/996B0297-1024x1536.jpg 1024w, https:\/\/dhf.be\/files\/uploads\/2024\/11\/996B0297-scaled.jpg 1365w, https:\/\/dhf.be\/files\/uploads\/2024\/11\/996B0297-1320x1980.jpg 1320w, https:\/\/dhf.be\/files\/uploads\/2024\/11\/996B0297-800x1200.jpg 800w\" sizes=\"(max-width: 683px) 100vw, 683px\" \/><\/div>\n\t\t<\/figure>\n\t<\/div>\n<div class=\"vc_empty_space\"   style=\"height: 32px\"><span class=\"vc_empty_space_inner\"><\/span><\/div><\/div><\/div><\/div><\/div><div class=\"vc_row wpb_row vc_row-fluid\"><div class=\"wpb_column vc_column_container vc_col-sm-6\"><div class=\"vc_column-inner\"><div class=\"wpb_wrapper\">\n\t<div  class=\"wpb_single_image wpb_content_element vc_align_left wpb_content_element  pdw-line-shape mt-1 mb-3\">\n\t\t\n\t\t<figure class=\"wpb_wrapper vc_figure\">\n\t\t\t<div class=\"vc_single_image-wrapper   vc_box_border_grey\"><img decoding=\"async\" class=\"vc_single_image-img\" src=\"https:\/\/dhf.be\/files\/uploads\/2024\/11\/DHFNouvelan9-scaled-800x800.jpg\" width=\"800\" height=\"800\" alt=\"hotel-r\u00e9veillon-de-no\u00ebl-s\u00e9jour\" title=\"DHFNouvelan9\" \/><\/div>\n\t\t<\/figure>\n\t<\/div>\n<div class=\"vc_empty_space\"   style=\"height: 32px\"><span class=\"vc_empty_space_inner\"><\/span><\/div><\/div><\/div><\/div><div class=\"wpb_column vc_column_container vc_col-sm-6\"><div class=\"vc_column-inner\"><div class=\"wpb_wrapper\"><h2 style=\"text-align: left;font-family:Abril Fatface;font-weight:400;font-style:normal\" class=\"vc_custom_heading vc_do_custom_heading pdw-first-word-highlight\" >Warum das Domaine des Hautes Fagnes f\u00fcr Ihr Silvester-Hotel w\u00e4hlen?<\/h2><div class=\"vc_empty_space\"   style=\"height: 32px\"><span class=\"vc_empty_space_inner\"><\/span><\/div><h3 style=\"text-align: left;font-family:Abril Fatface;font-weight:400;font-style:normal\" class=\"vc_custom_heading vc_do_custom_heading\" >Ein au\u00dfergew\u00f6hnliches nat\u00fcrliches Umfeld<\/h3>\n\t<div class=\"wpb_text_column wpb_content_element\" >\n\t\t<div class=\"wpb_wrapper\">\n\t\t\t<p><span style=\"font-weight: 400;\">Le Domaine des Hautes Fagnes liegt im Herzen eines Naturschutzgebiets und bietet ein v\u00f6lliges Eintauchen in eine friedliche und inspirierende Umgebung. Umgeben von W\u00e4ldern und wilden Landschaften ist dieses Hotel der ideale Ort, um wieder mit der Natur in Einklang zu kommen.<\/span><\/p>\n\n\t\t<\/div>\n\t<\/div>\n<h3 style=\"text-align: left;font-family:Abril Fatface;font-weight:400;font-style:normal\" class=\"vc_custom_heading vc_do_custom_heading\" >Ein raffiniertes und festliches kulinarisches Erlebnis<\/h3>\n\t<div class=\"wpb_text_column wpb_content_element\" >\n\t\t<div class=\"wpb_wrapper\">\n\t\t\t<p><span style=\"font-weight: 400;\">Unser italienisches Men\u00fc wurde speziell entwickelt, um Ihre Geschmacksknospen zu verzaubern und diesen besonderen Abend unvergesslich zu machen. Unser K\u00fcchenchef l\u00e4sst sich von traditionellen italienischen Rezepten inspirieren, um Ihnen ein einzigartiges Weihnachtsessen zu bieten. <\/span><\/p>\n\n\t\t<\/div>\n\t<\/div>\n<h3 style=\"text-align: left;font-family:Abril Fatface;font-weight:400;font-style:normal\" class=\"vc_custom_heading vc_do_custom_heading\" >Entspannung und Wohlbefinden in einem kompletten Wellnessbereich<\/h3>\n\t<div class=\"wpb_text_column wpb_content_element\" >\n\t\t<div class=\"wpb_wrapper\">\n\t\t\t<p><span style=\"font-weight: 400;\">Feiern Sie Weihnachten und g\u00f6nnen Sie sich zus\u00e4tzlich eine Auszeit in unserem Wellnesscenter. Unsere Anlagen sind darauf ausgelegt, Ihnen einen Moment der Gelassenheit inmitten der Natur zu bieten, damit Sie erfrischt und entspannt abreisen k\u00f6nnen.<\/span><\/p>\n\n\t\t<\/div>\n\t<\/div>\n<div class=\"vc_empty_space\"   style=\"height: 32px\"><span class=\"vc_empty_space_inner\"><\/span><\/div><\/div><\/div><\/div><\/div><div class=\"vc_row wpb_row vc_row-fluid\"><div class=\"wpb_column vc_column_container vc_col-sm-12\"><div class=\"vc_column-inner\"><div class=\"wpb_wrapper\">\t<div class=\"pdw-sep\"><span class=\"pdw-icon-dhf pdw-icon-48\"><\/span><\/div>\r\n\t<div class=\"vc_empty_space\"   style=\"height: 32px\"><span class=\"vc_empty_space_inner\"><\/span><\/div><h2 style=\"text-align: center;font-family:Abril Fatface;font-weight:400;font-style:normal\" class=\"vc_custom_heading vc_do_custom_heading pdw-first-word-highlight\" >Weihnachts-\u00dcbernachtungshotel Buchen Sie Ihren Aufenthalt im Domaine des Hautes Fagnes<\/h2><div class=\"vc_empty_space\"   style=\"height: 32px\"><span class=\"vc_empty_space_inner\"><\/span><\/div><div class=\"vc_separator wpb_content_element vc_separator_align_center vc_sep_width_40 vc_sep_shadow vc_sep_border_width_5 vc_sep_pos_align_center vc_separator_no_text vc_sep_color_chino wpb_content_element  wpb_content_element\" ><span class=\"vc_sep_holder vc_sep_holder_l\"><span class=\"vc_sep_line\"><\/span><\/span><span class=\"vc_sep_holder vc_sep_holder_r\"><span class=\"vc_sep_line\"><\/span><\/span>\n<\/div>\n\t<div class=\"wpb_text_column wpb_content_element\" >\n\t\t<div class=\"wpb_wrapper\">\n\t\t\t<p style=\"text-align: center;\"><span style=\"font-weight: 400;\">Verpassen Sie nicht die Gelegenheit, einen au\u00dfergew\u00f6hnlichen Heiligabend in einer bezaubernden Umgebung zu erleben. Das Domaine des Hautes Fagnes bietet Ihnen einen Aufenthalt, bei dem jedes Detail darauf ausgelegt ist, diese festliche Zeit zu versch\u00f6nern. Buchen Sie noch heute Ihren Aufenthalt und schenken Sie sich unvergessliche Erinnerungen im Herzen der Hohen Venns!<\/span><\/p>\n\n\t\t<\/div>\n\t<\/div>\n<\/div><\/div><\/div><\/div>\n<\/div>","protected":false},"excerpt":{"rendered":"Galerie Journ\u00e9es S\u00e9jours Plan Bienvenue au Domaine des Hautes Fagnes, un h\u00f4tel 4 \u00e9toiles nich\u00e9 au c\u0153ur de la r\u00e9serve naturelle des Hautes Fagnes, id\u00e9al pour vivre une exp\u00e9rience unique lors du r\u00e9veillon de No\u00ebl. Offrez-vous un moment magique et authentique avec un s\u00e9jour festif comprenant une nuit\u00e9e en chambre double, un menu italien raffin\u00e9, [...]","protected":false},"author":4,"featured_media":0,"parent":0,"menu_order":0,"comment_status":"closed","ping_status":"closed","template":"","meta":{"_acf_changed":false,"footnotes":""},"class_list":["post-15251","page","type-page","status-publish","hentry"],"acf":[],"publishpress_future_action":{"enabled":false,"date":"2026-09-07 14:10:35","action":"change-status","newStatus":"draft","terms":[],"taxonomy":"","extraData":[]},"publishpress_future_workflow_manual_trigger":{"enabledWorkflows":[]},"_links":{"self":[{"href":"https:\/\/dhf.be\/de\/wp-json\/wp\/v2\/pages\/15251","targetHints":{"allow":["GET"]}}],"collection":[{"href":"https:\/\/dhf.be\/de\/wp-json\/wp\/v2\/pages"}],"about":[{"href":"https:\/\/dhf.be\/de\/wp-json\/wp\/v2\/types\/page"}],"author":[{"embeddable":true,"href":"https:\/\/dhf.be\/de\/wp-json\/wp\/v2\/users\/4"}],"replies":[{"embeddable":true,"href":"https:\/\/dhf.be\/de\/wp-json\/wp\/v2\/comments?post=15251"}],"version-history":[{"count":0,"href":"https:\/\/dhf.be\/de\/wp-json\/wp\/v2\/pages\/15251\/revisions"}],"wp:attachment":[{"href":"https:\/\/dhf.be\/de\/wp-json\/wp\/v2\/media?parent=15251"}],"curies":[{"name":"WP","href":"https:\/\/api.w.org\/{rel}","templated":true}]}}